{"id":39,"date":"2026-04-26T18:48:22","date_gmt":"2026-04-26T18:48:22","guid":{"rendered":"https:\/\/pavaocultural.org.br\/site\/?page_id=39"},"modified":"2026-09-05T18:21:32","modified_gmt":"2026-09-05T21:21:32","slug":"apoie","status":"publish","type":"page","link":"https:\/\/pavaocultural.org.br\/site\/apoie\/","title":{"rendered":"Apoie"},"content":{"rendered":"\n<div class=\"wp-block-columns alignwide is-layout-flex wp-container-core-columns-is-layout-c20804a3 wp-block-columns-is-layout-flex\" style=\"margin-top:0px;margin-bottom:0px;padding-top:0px;padding-right:0%;padding-bottom:0px;padding-left:0%\">\n<div class=\"wp-block-column is-vertically-aligned-top is-layout-flow wp-container-core-column-is-layout-702683d6 wp-block-column-is-layout-flow\" style=\"padding-top:0px;padding-right:0px;padding-bottom:0px;padding-left:0px;flex-basis:22%\">\n<figure class=\"wp-block-image size-large\"><img loading=\"lazy\" decoding=\"async\" width=\"1024\" height=\"1024\" src=\"https:\/\/pavaocultural.org.br\/site\/wp-content\/uploads\/2026\/05\/amigo-do-pavao-1024x1024.jpg\" alt=\"\" class=\"wp-image-824\" style=\"aspect-ratio:1;object-fit:cover\" srcset=\"https:\/\/pavaocultural.org.br\/site\/wp-content\/uploads\/2026\/05\/amigo-do-pavao-1024x1024.jpg 1024w, https:\/\/pavaocultural.org.br\/site\/wp-content\/uploads\/2026\/05\/amigo-do-pavao-300x300.jpg 300w, https:\/\/pavaocultural.org.br\/site\/wp-content\/uploads\/2026\/05\/amigo-do-pavao-150x150.jpg 150w, https:\/\/pavaocultural.org.br\/site\/wp-content\/uploads\/2026\/05\/amigo-do-pavao-768x768.jpg 768w, https:\/\/pavaocultural.org.br\/site\/wp-content\/uploads\/2026\/05\/amigo-do-pavao.jpg 1080w\" sizes=\"auto, (max-width: 1024px) 100vw, 1024px\" \/><\/figure>\n<\/div>\n\n\n\n<div class=\"wp-block-column is-vertically-aligned-top has-global-padding is-layout-constrained wp-container-core-column-is-layout-7cc45f9c wp-block-column-is-layout-constrained\" style=\"padding-top:0px;padding-right:0px;padding-bottom:0px;padding-left:0px\">\n<div class=\"wp-block-cover is-light has-custom-content-position is-position-top-left is-style-default wp-duotone-unset-2\" style=\"padding-top:20px;padding-right:4.5%;padding-bottom:20px;padding-left:4.5%;min-height:300px;aspect-ratio:unset;\"><img loading=\"lazy\" decoding=\"async\" width=\"1024\" height=\"1024\" class=\"wp-block-cover__image-background wp-image-824 size-large\" alt=\"\" src=\"https:\/\/pavaocultural.org.br\/site\/wp-content\/uploads\/2026\/05\/amigo-do-pavao-1024x1024.jpg\" data-object-fit=\"cover\" srcset=\"https:\/\/pavaocultural.org.br\/site\/wp-content\/uploads\/2026\/05\/amigo-do-pavao-1024x1024.jpg 1024w, https:\/\/pavaocultural.org.br\/site\/wp-content\/uploads\/2026\/05\/amigo-do-pavao-300x300.jpg 300w, https:\/\/pavaocultural.org.br\/site\/wp-content\/uploads\/2026\/05\/amigo-do-pavao-150x150.jpg 150w, https:\/\/pavaocultural.org.br\/site\/wp-content\/uploads\/2026\/05\/amigo-do-pavao-768x768.jpg 768w, https:\/\/pavaocultural.org.br\/site\/wp-content\/uploads\/2026\/05\/amigo-do-pavao.jpg 1080w\" sizes=\"auto, (max-width: 1024px) 100vw, 1024px\" \/><span aria-hidden=\"true\" class=\"wp-block-cover__background has-background-alt-background-color has-background-dim-100 has-background-dim\"><\/span><div class=\"wp-block-cover__inner-container has-global-padding is-layout-constrained wp-container-core-cover-is-layout-55b21dfc wp-block-cover-is-layout-constrained\">\n<h2 class=\"wp-block-heading has-primary-color has-text-color\"><strong>Participe, fortale\u00e7a e ajude a manter a cultura em movimento<\/strong><\/h2>\n\n\n\n<p class=\"has-foreground-color has-text-color wp-block-paragraph\">Pense em um lugar em que m\u00fasica e teatro acontecem cercados por obras de arte de todos os tipos!\u00a0<strong>Imaginou?<\/strong>\u00a0E se te dissermos que este lugar existe e que voc\u00ea pode fazer parte disso tudo?!<\/p>\n\n\n\n<p class=\"has-foreground-color has-text-color wp-block-paragraph\"><strong>O Instituto Pav\u00e3o Cultural \u00e9 um espa\u00e7o em que cultura e educa\u00e7\u00e3o caminham lado a lado!<\/strong> <\/p>\n\n\n\n<figure class=\"wp-block-embed alignwide is-type-video is-provider-youtube wp-block-embed-youtube wp-embed-aspect-16-9 wp-has-aspect-ratio\" style=\"margin-top:var(--wp--preset--spacing--40);margin-right:0;margin-bottom:var(--wp--preset--spacing--40);margin-left:0\"><div class=\"wp-block-embed__wrapper\">\n<iframe loading=\"lazy\" title=\"Seja um Amigo do Pav\u00e3o!\" width=\"500\" height=\"281\" src=\"https:\/\/www.youtube.com\/embed\/M-8u2yX-5yg?feature=oembed\" frameborder=\"0\" allow=\"accelerometer; autoplay; clipboard-write; encrypted-media; gyroscope; picture-in-picture; web-share\" referrerpolicy=\"strict-origin-when-cross-origin\" allowfullscreen><\/iframe>\n<\/div><\/figure>\n\n\n\n<p class=\"has-foreground-color has-text-color wp-block-paragraph\">Conhe\u00e7a nossa p\u00e1gina no<strong><a href=\"https:\/\/apoia.se\/pavaocultural\" target=\"_blank\" rel=\"noopener\">\u00a0APOIA-SE<\/a><\/strong>, uma plataforma que viabiliza a sustentabilidade financeira de fazeres criativos e causas atrav\u00e9s do Financiamento Coletivo.<\/p>\n\n\n\n<p class=\"wp-block-paragraph\">Existem v\u00e1rias formas de contribuir para a manuten\u00e7\u00e3o e continuidade das atividades do Pav\u00e3o. Veja abaixo qual \u00e9 a que melhor se aplica pra voc\u00ea nesse momento.<\/p>\n\n\n\n<ol class=\"wp-block-list\">\n<li>Apoia-se \u00e9 uma plataforma de doa\u00e7\u00e3o regular de apoio \u00e0 manuten\u00e7\u00e3o das atividades do espa\u00e7o, cadastrando-se voc\u00ea se torna um Amigo do Pav\u00e3o e usufrui de algumas vantagens.<\/li>\n<\/ol>\n\n\n\n<p class=\"wp-block-paragraph\"><a href=\"https:\/\/apoia.se\/pavaocultural\">https:\/\/apoia.se\/pavaocultural<\/a> <\/p>\n\n\n\n<div class=\"wp-block-buttons is-horizontal is-nowrap is-layout-flex wp-container-core-buttons-is-layout-2ba70c08 wp-block-buttons-is-layout-flex\" style=\"margin-top:0;padding-top:var(--wp--preset--spacing--40);padding-bottom:var(--wp--preset--spacing--40)\">\n<div class=\"wp-block-button is-style-outline is-style-outline--1\"><a class=\"wp-block-button__link has-primary-color has-text-color has-link-color has-tiny-font-size has-custom-font-size wp-element-button\" href=\"https:\/\/apoia.se\/pavaocultural\" style=\"border-top-left-radius:15px;border-top-right-radius:15px;border-bottom-left-radius:15px;border-bottom-right-radius:15px\" target=\"_blank\" rel=\"noreferrer noopener\"><img decoding=\"async\" src=\"https:\/\/apoia.se\/img\/logoRed.svg\" alt=\"Logo do APOIA.se\" style=\"width: 100px;\"><\/a><\/div>\n<\/div>\n\n\n\n<p class=\"wp-block-paragraph\">Al\u00e9m de <strong>Ponto de Cultura<\/strong>, o <strong>Pav\u00e3o<\/strong> \u00e9 uma <strong>OSCIP<\/strong> (<strong>Organiza\u00e7\u00e3o da Sociedade Civil de Interesse P\u00fablico<\/strong>). Se voc\u00ea est\u00e1 no Estado de S\u00e3o Paulo, voc\u00ea tamb\u00e9m pode doar seus pontos na nota fiscal paulista. Basta seguir o caminho abaixo a partir do site da receita estadual de S\u00e3o Paulo.<\/p>\n\n\n\n<p class=\"has-primary-color has-text-color has-link-color wp-elements-1 wp-block-paragraph\"><a href=\"https:\/\/www.nfp.fazenda.sp.gov.br\/login.aspx?ReturnUrl=\/\">https:\/\/www.nfp.fazenda.sp.gov.br\/login.aspx?ReturnUrl=\/<\/a> <\/p>\n\n\n\n<figure class=\"wp-block-image size-full\"><img loading=\"lazy\" decoding=\"async\" width=\"1024\" height=\"768\" src=\"https:\/\/pavaocultural.org.br\/site\/wp-content\/uploads\/2026\/09\/nota_fiscal_paulista.jpeg\" alt=\"\" class=\"wp-image-1972\" srcset=\"https:\/\/pavaocultural.org.br\/site\/wp-content\/uploads\/2026\/09\/nota_fiscal_paulista.jpeg 1024w, https:\/\/pavaocultural.org.br\/site\/wp-content\/uploads\/2026\/09\/nota_fiscal_paulista-300x225.jpeg 300w, https:\/\/pavaocultural.org.br\/site\/wp-content\/uploads\/2026\/09\/nota_fiscal_paulista-768x576.jpeg 768w\" sizes=\"auto, (max-width: 1024px) 100vw, 1024px\" \/><\/figure>\n<\/div><\/div>\n<\/div>\n<\/div>\n\n\n\n<div class=\"wp-block-columns alignwide is-layout-flex wp-container-core-columns-is-layout-5b29e9a5 wp-block-columns-is-layout-flex\" style=\"margin-top:0px;margin-bottom:0px;padding-top:0px;padding-right:0%;padding-bottom:0px;padding-left:0%\">\n<div class=\"wp-block-column is-vertically-aligned-top is-layout-flow wp-container-core-column-is-layout-702683d6 wp-block-column-is-layout-flow\" style=\"padding-top:0px;padding-right:0px;padding-bottom:0px;padding-left:0px;flex-basis:30%\">\n<figure class=\"wp-block-image size-large\"><img loading=\"lazy\" decoding=\"async\" width=\"879\" height=\"1024\" src=\"https:\/\/pavaocultural.org.br\/site\/wp-content\/uploads\/2026\/09\/QRcodeItau-879x1024.jpeg\" alt=\"\" class=\"wp-image-1973\" style=\"aspect-ratio:1;object-fit:contain\" srcset=\"https:\/\/pavaocultural.org.br\/site\/wp-content\/uploads\/2026\/09\/QRcodeItau-879x1024.jpeg 879w, https:\/\/pavaocultural.org.br\/site\/wp-content\/uploads\/2026\/09\/QRcodeItau-258x300.jpeg 258w, https:\/\/pavaocultural.org.br\/site\/wp-content\/uploads\/2026\/09\/QRcodeItau-768x894.jpeg 768w, https:\/\/pavaocultural.org.br\/site\/wp-content\/uploads\/2026\/09\/QRcodeItau.jpeg 1288w\" sizes=\"auto, (max-width: 879px) 100vw, 879px\" \/><\/figure>\n<\/div>\n\n\n\n<div class=\"wp-block-column is-vertically-aligned-top has-global-padding is-layout-constrained wp-container-core-column-is-layout-7cc45f9c wp-block-column-is-layout-constrained\" style=\"padding-top:0px;padding-right:0px;padding-bottom:0px;padding-left:0px\">\n<div class=\"wp-block-cover is-light has-custom-content-position is-position-top-left wp-duotone-unset-3\" style=\"padding-top:0px;padding-right:0%;padding-bottom:0px;padding-left:0px;min-height:250px;aspect-ratio:unset;\"><img loading=\"lazy\" decoding=\"async\" width=\"1024\" height=\"807\" class=\"wp-block-cover__image-background wp-image-538 size-large\" alt=\"\" src=\"https:\/\/pavaocultural.org.br\/site\/wp-content\/uploads\/2026\/05\/casanuvem-1024x807.jpg\" data-object-fit=\"cover\" srcset=\"https:\/\/pavaocultural.org.br\/site\/wp-content\/uploads\/2026\/05\/casanuvem-1024x807.jpg 1024w, https:\/\/pavaocultural.org.br\/site\/wp-content\/uploads\/2026\/05\/casanuvem-300x236.jpg 300w, https:\/\/pavaocultural.org.br\/site\/wp-content\/uploads\/2026\/05\/casanuvem-768x605.jpg 768w, https:\/\/pavaocultural.org.br\/site\/wp-content\/uploads\/2026\/05\/casanuvem.jpg 1080w\" sizes=\"auto, (max-width: 1024px) 100vw, 1024px\" \/><span aria-hidden=\"true\" class=\"wp-block-cover__background has-background-alt-background-color has-background-dim-100 has-background-dim\"><\/span><div class=\"wp-block-cover__inner-container has-global-padding is-layout-constrained wp-container-core-cover-is-layout-bfcdb402 wp-block-cover-is-layout-constrained\">\n<div class=\"wp-block-group has-foreground-alt-color has-background-alt-background-color has-text-color has-background is-layout-flow wp-block-group-is-layout-flow\" style=\"margin-top:0;margin-bottom:0;padding-top:42px;padding-right:4.2vw;padding-bottom:42px;padding-left:4.2vw\">\n<h3 class=\"wp-block-heading has-primary-color has-text-color\">Se voc\u00ea gostou do espa\u00e7o e da programa\u00e7\u00e3o mas ainda n\u00e3o pode fazer uma contribui\u00e7\u00e3o regular, voc\u00ea ainda pode fazer uma doa\u00e7\u00e3o de qualquer valor, a qualquer tempo pelo <strong>QR code<\/strong>.<\/h3>\n<\/div>\n<\/div><\/div>\n<\/div>\n<\/div>\n\n\n\n<div class=\"wp-block-cover alignwide has-white-color has-text-color\" style=\"margin-top:0;padding-top:4vw;padding-right:4vw;padding-bottom:4vw;padding-left:4vw;min-height:66vh;aspect-ratio:unset;\"><span aria-hidden=\"true\" class=\"wp-block-cover__background has-background-dim-100 has-background-dim\" style=\"background-color:#23612c\"><\/span><div class=\"wp-block-cover__inner-container is-layout-flow wp-block-cover-is-layout-flow\">\n<div class=\"wp-block-group has-global-padding is-content-justification-left is-layout-constrained wp-container-core-group-is-layout-15d3cce4 wp-block-group-is-layout-constrained\">\n<p class=\"has-text-align-left has-text-color wp-block-paragraph\" style=\"color:#ffffff61;font-size:clamp(38.682px, 2.418rem + ((1vw - 3.2px) * 3.085), 72px);font-style:normal;font-weight:700;letter-spacing:-2px;line-height:1;text-transform:uppercase\">Conhece a <\/p>\n\n\n\n<p class=\"has-text-align-right has-text-color wp-block-paragraph\" style=\"color:#ffffff73;font-size:clamp(42.068px, 2.629rem + ((1vw - 3.2px) * 3.512), 80px);font-style:normal;font-weight:700;letter-spacing:0px;line-height:1;text-transform:uppercase\">\u201cfofoca cultural\u201d?<\/p>\n\n\n\n<p class=\"has-text-align-left has-text-color wp-block-paragraph\" style=\"color:#ffffffad;font-size:clamp(22.041px, 1.378rem + ((1vw - 3.2px) * 1.293), 36px);font-style:normal;font-weight:700;letter-spacing:0px;line-height:1;text-transform:uppercase\">Conte para os amigos a sua experi\u00eancia, marque um encontro aqui para tomar um caf\u00e9, assistir um show ou apenas relaxar visitando uma exposi\u00e7\u00e3o.<\/p>\n<\/div>\n<\/div><\/div>\n\n\n\n<p class=\"wp-block-paragraph\"><\/p>\n","protected":false},"excerpt":{"rendered":"","protected":false},"author":1,"featured_media":0,"parent":0,"menu_order":0,"comment_status":"closed","ping_status":"closed","template":"","meta":{"footnotes":""},"class_list":["post-39","page","type-page","status-publish","hentry"],"_links":{"self":[{"href":"https:\/\/pavaocultural.org.br\/site\/wp-json\/wp\/v2\/pages\/39","targetHints":{"allow":["GET"]}}],"collection":[{"href":"https:\/\/pavaocultural.org.br\/site\/wp-json\/wp\/v2\/pages"}],"about":[{"href":"https:\/\/pavaocultural.org.br\/site\/wp-json\/wp\/v2\/types\/page"}],"author":[{"embeddable":true,"href":"https:\/\/pavaocultural.org.br\/site\/wp-json\/wp\/v2\/users\/1"}],"replies":[{"embeddable":true,"href":"https:\/\/pavaocultural.org.br\/site\/wp-json\/wp\/v2\/comments?post=39"}],"version-history":[{"count":4,"href":"https:\/\/pavaocultural.org.br\/site\/wp-json\/wp\/v2\/pages\/39\/revisions"}],"predecessor-version":[{"id":1978,"href":"https:\/\/pavaocultural.org.br\/site\/wp-json\/wp\/v2\/pages\/39\/revisions\/1978"}],"wp:attachment":[{"href":"https:\/\/pavaocultural.org.br\/site\/wp-json\/wp\/v2\/media?parent=39"}],"curies":[{"name":"wp","href":"https:\/\/api.w.org\/{rel}","templated":true}]}}